{"id":9913,"date":"2026-03-12T12:31:59","date_gmt":"2026-03-12T12:31:59","guid":{"rendered":"https:\/\/global-business-recruiting.de\/wissen\/arbeitsschutz-wie-unternehmen-die-gesundheit-ihrer-mitarbeiter-schuetzen-muessen\/"},"modified":"2026-03-28T13:10:55","modified_gmt":"2026-03-28T13:10:55","slug":"personalni-leasing-vychodni-evropa","status":"publish","type":"page","link":"https:\/\/global-business-recruiting.de\/cs\/wissen\/personalleasing-osteuropa\/","title":{"rendered":"Person\u00e1ln\u00ed leasing v\u00fdchodn\u00ed Evropa - z\u00e1klady, v\u00fdhody a definice"},"content":{"rendered":"<section class=\"l-section wpb_row height_custom\"><div class=\"l-section-h i-cf\"><div class=\"g-cols vc_row via_grid cols_1 laptops-cols_inherit tablets-cols_inherit mobiles-cols_1 valign_top type_default stacking_default\"><div class=\"wpb_column vc_column_container\"><div class=\"vc_column-inner\"><div class=\"wpb_text_column\"><div class=\"wpb_wrapper\"><p>Person\u00e1ln\u00ed leasing z v\u00fdchodn\u00ed Evropy je u n\u011bmeck\u00fdch spole\u010dnost\u00ed st\u00e1le obl\u00edben\u011bj\u0161\u00ed. D\u016fvod je z\u0159ejm\u00fd: geografick\u00e1 bl\u00edzkost, pragmatick\u00e1 pracovn\u00ed mentalita a siln\u00e9 odborn\u00e9 znalosti \u010din\u00ed pracovn\u00edky z v\u00fdchodn\u00ed Evropy obzvl\u00e1\u0161t\u011b atraktivn\u00edmi - a\u0165 u\u017e ve v\u00fdrob\u011b, kvalifikovan\u00fdch profes\u00edch nebo logistice. Person\u00e1ln\u00ed leasing nab\u00edz\u00ed rychl\u00e9 a flexibiln\u00ed \u0159e\u0161en\u00ed nedostatku kvalifikovan\u00e9 pracovn\u00ed s\u00edly, ani\u017e by bylo nutn\u00e9 uzav\u00edrat dlouhodob\u00e9 n\u00e1borov\u00e9 z\u00e1vazky.<\/p>\n<p>Person\u00e1ln\u00ed leasing z v\u00fdchodn\u00ed Evropy je rychl\u00fd zp\u016fsob, jak zaplnit mezeru v t\u00fdmu: Do\u010dasn\u00e1 pracovn\u00ed s\u00edla z v\u00fdchodn\u00ed Evropy je k dispozici bleskov\u011b a s person\u00e1ln\u00edm leasingem z v\u00fdchodn\u00ed Evropy jste na bezpe\u010dn\u00e9 stran\u011b. N\u00e1klady na person\u00e1ln\u00ed leasing jsou zvl\u00e1dnuteln\u00e9 a p\u0159edv\u00eddateln\u00e9 - alternativa ke st\u00e1l\u00e9mu zam\u011bstn\u00e1n\u00ed.<\/p>\n<h2>Pro\u010d person\u00e1ln\u00ed leasing z v\u00fdchodn\u00ed Evropy?<\/h2>\n<p>Pokud hled\u00e1te kvalifikovan\u00e9 odborn\u00edky z v\u00fdchodn\u00ed Evropy - a\u0165 u\u017e IT specialisty, elektrik\u00e1\u0159e, mont\u00e9ry, sv\u00e1\u0159e\u010de, v\u00fdrobn\u00ed d\u011bln\u00edky, in\u017een\u00fdry nebo jin\u00e9 odborn\u00edky - do\u010dasn\u00e9 zam\u011bstn\u00e1n\u00ed z v\u00fdchodn\u00ed Evropy je ide\u00e1ln\u00edm \u0159e\u0161en\u00edm nedostatku kvalifikovan\u00fdch pracovn\u00edch sil v N\u011bmecku. Do\u010dasn\u00e1 pracovn\u00ed s\u00edla z v\u00fdchodn\u00ed Evropy umo\u017e\u0148uje nejen outsourcing, ale je tak\u00e9 velmi snadn\u00e1. Flexibiln\u00ed person\u00e1ln\u00ed \u0159\u00edzen\u00ed, kter\u00e9 nab\u00edz\u00ed pron\u00e1jem zam\u011bstnanc\u016f z v\u00fdchodn\u00ed Evropy, zaji\u0161\u0165uje, \u017ee firmy z\u00edskaj\u00ed p\u0159esn\u011b takovou podporu, jakou pot\u0159ebuj\u00ed - bez velk\u00e9ho \u00fasil\u00ed.<\/p>\n<h2>\u00davod do person\u00e1ln\u00edho leasingu z v\u00fdchodn\u00ed Evropy: Co pot\u0159ebujete v\u011bd\u011bt<\/h2>\n<p>Pro spole\u010dnosti, kter\u00e9 se s t\u00e9matem person\u00e1ln\u00edho leasingu z v\u00fdchodn\u00ed Evropy teprve seznamuj\u00ed, je d\u016fle\u017eit\u00fdch n\u011bkolik z\u00e1kladn\u00edch bod\u016f:<\/p>\n<ul>\n<li>Mezi agenturou do\u010dasn\u00e9ho zam\u011bstn\u00e1v\u00e1n\u00ed a do\u010dasn\u00fdm pracovn\u00edkem z v\u00fdchodn\u00ed Evropy je uzav\u0159ena pracovn\u00ed smlouva.<\/li>\n<li>Jakmile do\u010dasn\u00fd zam\u011bstnanec pracuje v N\u011bmecku, plat\u00ed pro n\u011bj n\u011bmeck\u00e9 pracovn\u00ed podm\u00ednky, jako je minim\u00e1ln\u00ed mzda, pracovn\u00ed doba a n\u00e1rok na dovolenou.<\/li>\n<li>Zahrani\u010dn\u00ed zam\u011bstnavatel z\u016fst\u00e1v\u00e1 ofici\u00e1ln\u00edm zam\u011bstnavatelem a star\u00e1 se o v\u00fdplatu mezd a odvod\u016f na soci\u00e1ln\u00ed zabezpe\u010den\u00ed.<\/li>\n<li>S do\u010dasn\u00fdm pracovn\u00edkem nen\u00ed uzav\u0159en p\u0159\u00edm\u00fd pracovn\u00ed pom\u011br, ale pouze smlouva se zahrani\u010dn\u00ed agenturou do\u010dasn\u00e9ho zam\u011bstn\u00e1v\u00e1n\u00ed.<\/li>\n<li>Kvalifikace nebo zku\u0161enosti v oboru, ve kter\u00e9m chcete pracovat, jsou nutnost\u00ed.<\/li>\n<\/ul>\n<p>Person\u00e1ln\u00ed leasing z v\u00fdchodn\u00ed Evropy umo\u017e\u0148uje spole\u010dnostem pru\u017en\u011b a snadno reagovat na jejich person\u00e1ln\u00ed pot\u0159eby.<\/p>\n<h2>Jak funguje person\u00e1ln\u00ed leasing? Pr\u016fvodce krok za krokem<\/h2>\n<p>Pokud pro svou firmu nutn\u011b pot\u0159ebujete kvalifikovan\u00e9 pracovn\u00edky z v\u00fdchodn\u00ed Evropy, je postup jednoduch\u00fd: kontaktujete person\u00e1ln\u00ed leasingovou spole\u010dnost, uvedete sv\u00e9 po\u017eadavky a profesion\u00e1lov\u00e9 se ujmou n\u00e1boru pracovn\u00edk\u016f z v\u00fdchodn\u00ed Evropy. Najdou v\u00e1m perfektn\u00ed do\u010dasn\u00e9 pracovn\u00edky z v\u00fdchodn\u00ed Evropy, zat\u00edmco vy se m\u016f\u017eete pohodln\u011b usadit a odpo\u010d\u00edvat. Pr\u00e1vn\u00ed z\u00e1klad person\u00e1ln\u00edho leasingu je bezpe\u010dn\u00fd - n\u00e1jemce z\u016fst\u00e1v\u00e1 zam\u011bstnavatelem a vy t\u011b\u017e\u00edte z flexibility a v\u00fdhod person\u00e1ln\u00edho leasingu. N\u00e1klady na person\u00e1ln\u00ed leasing jsou p\u0159edv\u00eddateln\u00e9 a transparentn\u00ed - \u017e\u00e1dn\u00e1 nep\u0159\u00edjemn\u00e1 p\u0159ekvapen\u00ed.<\/p>\n<h2>Dostupn\u00e9 profesn\u00ed skupiny pro person\u00e1ln\u00ed leasing z v\u00fdchodn\u00ed Evropy<\/h2>\n<p>Global Business Recruiting umis\u0165uje pracovn\u00edky z v\u00fdchodn\u00ed Evropy do n\u00e1sleduj\u00edc\u00edch oblast\u00ed:<\/p>\n<p><strong>Pr\u016fmysl a logistika:<\/strong><span>\u00a0<\/span>Z\u00e1me\u010dn\u00edci, sv\u00e1\u0159e\u010di, mont\u00e9\u0159i, mont\u00e9\u0159i ocelov\u00fdch\/kovov\u00fdch konstrukc\u00ed, v\u00fdrobn\u00ed d\u011bln\u00edci, technici ve v\u00fdrob\u011b, pomocn\u00ed skladn\u00edci, \u0159idi\u010di vysokozdvi\u017en\u00fdch voz\u00edk\u016f.<\/p>\n<p><strong>Elektroinstalace a HVAC:<\/strong><span>\u00a0<\/span>Elektrik\u00e1\u0159i, pr\u016fmyslov\u00ed elektrik\u00e1\u0159i, elektronici, sol\u00e1rn\u00ed mont\u00e9\u0159i, elektromont\u00e9\u0159i, fotovoltaici, topen\u00e1\u0159i, fotovoltaici, vzduchotechnici.<\/p>\n<p><strong>Stavebnictv\u00ed:<\/strong><span>\u00a0<\/span>Zedn\u00edci a \u0161tukat\u00e9\u0159i, silni\u010d\u00e1\u0159i, s\u00e1drokarton\u00e1\u0159i a le\u0161en\u00e1\u0159i, stavebn\u00ed d\u011bln\u00edci, pokr\u00fdva\u010di a klemp\u00ed\u0159i, podlah\u00e1\u0159i, stavebn\u00ed a in\u017een\u00fdrsk\u00e9 pr\u00e1ce.<\/p>\n<h2>Po\u017eadavky na do\u010dasnou pr\u00e1ci z v\u00fdchodn\u00ed Evropy<\/h2>\n<p>Abyste mohli jako n\u011bmeck\u00e1 spole\u010dnost naj\u00edmat do\u010dasn\u00e9 pracovn\u00edky, mus\u00edte splnit \u0159adu po\u017eadavk\u016f. Proto\u017ee jsou pr\u00e1vn\u011b slo\u017eit\u00e9, doporu\u010duje se spolupracovat se specializovanou agenturou do\u010dasn\u00e9ho zam\u011bstn\u00e1v\u00e1n\u00ed. Agentury do\u010dasn\u00e9ho zam\u011bstn\u00e1v\u00e1n\u00ed specializovan\u00e9 na v\u00fdchodoevropsk\u00e9 zem\u011b maj\u00ed v zem\u00edch p\u016fvodu silnou s\u00ed\u0165 a postaraj\u00ed se o cel\u00fd pr\u00e1vn\u00ed a organiza\u010dn\u00ed proces.<\/p>\n<p>Do\u010dasn\u00ed pracovn\u00edci z v\u00fdchodn\u00ed Evropy jsou umis\u0165ov\u00e1ni mimo jin\u00e9 v t\u011bchto odv\u011btv\u00edch: V t\u011bchto odv\u011btv\u00edch: IT, pr\u016fmysl, logistika, v\u00fdroba, sol\u00e1rn\u00ed technologie, automobilov\u00fd pr\u016fmysl, stroj\u00edrenstv\u00ed, l\u00e9ka\u0159stv\u00ed a mnoho dal\u0161\u00edch.<\/p>\n<p>Person\u00e1ln\u00ed leasing z v\u00fdchodn\u00ed Evropy se v N\u011bmecku praktikuje ji\u017e des\u00edtky let. Zku\u0161en\u00ed partne\u0159i, jako je Global Business Recruiting, um\u00eds\u0165uj\u00ed do\u010dasn\u00e9 pracovn\u00edky z v\u00fdchodoevropsk\u00fdch zem\u00ed, jako je Polsko, Rumunsko, Ma\u010farsko, \u010cesk\u00e1 republika, Ukrajina, Bulharsko, Estonsko, Loty\u0161sko a Litva, a to se z\u00e1rukou, \u017ee v\u0161ichni um\u00edst\u011bn\u00ed pracovn\u00edci maj\u00ed pot\u0159ebnou odbornou a jazykovou kvalifikaci.<\/p>\n<h2>Pro\u010d Global Business Recruiting pro person\u00e1ln\u00ed leasing z v\u00fdchodn\u00ed Evropy?<\/h2>\n<p>Spole\u010dnost Global Business Recruiting naviguje firmy v pravidlech a p\u0159edpisech pro naj\u00edm\u00e1n\u00ed pracovn\u00edch sil z v\u00fdchodn\u00ed Evropy. D\u00edky tis\u00edc\u016fm kandid\u00e1t\u016f nab\u00edz\u00edme \u0161ir\u0161\u00ed z\u00e1b\u011br. Hled\u00e1te kvalifikovanou nebo nekvalifikovanou pracovn\u00ed s\u00edlu? \u017d\u00e1dn\u00fd probl\u00e9m - nab\u00edr\u00e1me po cel\u00e9m sv\u011bt\u011b a v\u017edy m\u00e1me po ruce ty spr\u00e1vn\u00e9 kvalifikovan\u00e9 pracovn\u00edky z v\u00fdchodn\u00ed Evropy. Nov\u00ed do\u010dasn\u00ed pracovn\u00edci z v\u00fdchodn\u00ed Evropy se hladce za\u010dlen\u00ed do va\u0161\u00ed spole\u010dnosti.<\/p>\n<p>Na\u0161e dlouholet\u00e9 zku\u0161enosti hovo\u0159\u00ed samy za sebe - jsme profesion\u00e1lov\u00e9 v oblasti n\u00e1boru zam\u011bstnanc\u016f z v\u00fdchodn\u00ed Evropy. Person\u00e1ln\u00ed leasing ve v\u00fdchodn\u00ed Evrop\u011b je na\u0161\u00ed hlavn\u00ed kompetenc\u00ed: flexibiln\u00ed person\u00e1ln\u00ed management a \u0159e\u0161en\u00ed na m\u00edru. Odli\u0161n\u00e9 kultury? V\u00edme, jak na to, a pom\u016f\u017eeme v\u00e1m vyhnout se mo\u017en\u00fdm p\u0159ek\u00e1\u017ek\u00e1m - od n\u00e1boru a vyhled\u00e1v\u00e1n\u00ed zam\u011bstnanc\u016f a\u017e po osv\u011bd\u010den\u00e9 postupy outsourcingu.<\/p>\n<p>V\u00edce informac\u00ed o pr\u00e1vn\u00edm z\u00e1kladu si m\u016f\u017eete p\u0159e\u010d\u00edst v na\u0161em \u010dl\u00e1nku o<span>\u00a0<\/span><a href=\"https:\/\/global-business-recruiting.de\/cs\/znat\/pronajem-pracovni-sily-vs-subdodavky\/\">Do\u010dasn\u00e9 zam\u011bstn\u00e1n\u00ed vs. subdod\u00e1vky<\/a>. Informace o po\u017eadovan\u00fdch dokumentech naleznete v \u010dl\u00e1nku o<span>\u00a0<\/span><a href=\"https:\/\/global-business-recruiting.de\/cs\/znat\/certifikat-a1\/\">Certifik\u00e1t A1<\/a>.<\/p>\n<h2>\u010casto kladen\u00e9 ot\u00e1zky t\u00fdkaj\u00edc\u00ed se person\u00e1ln\u00edho leasingu z v\u00fdchodn\u00ed Evropy<\/h2>\n<\/div><\/div><div class=\"w-separator size_small\"><\/div><div class=\"w-tabs style_default switch_click accordion type_togglable has_scrolling\" style=\"--sections-title-size:inherit\"><div class=\"w-tabs-sections titles-align_none icon_chevron cpos_right\"><div class=\"w-tabs-section\" id=\"va16\" itemscope itemprop=\"mainEntity\" itemtype=\"https:\/\/schema.org\/Question\"><button class=\"w-tabs-section-header\" aria-controls=\"content-va16\" aria-expanded=\"false\"><div class=\"w-tabs-section-title\" itemprop=\"name\">Co je person\u00e1ln\u00ed leasing z v\u00fdchodn\u00ed Evropy?<\/div><div class=\"w-tabs-section-control\"><\/div><\/button><div  class=\"w-tabs-section-content\" id=\"content-va16\" itemscope itemprop=\"acceptedAnswer\" itemtype=\"https:\/\/schema.org\/Answer\"><div class=\"w-tabs-section-content-h i-cf\" itemprop=\"text\"><div class=\"wpb_text_column\"><div class=\"wpb_wrapper\"><p>Person\u00e1ln\u00ed leasing z v\u00fdchodn\u00ed Evropy se t\u00fdk\u00e1 dod\u00e1vek kvalifikovan\u00e9 pracovn\u00ed s\u00edly ze zem\u00ed, jako je Polsko, \u010cesk\u00e1 republika, Slovensko nebo Rumunsko, do n\u011bmeck\u00fdch podnik\u016f. V\u011b\u0159itel z\u016fst\u00e1v\u00e1 form\u00e1ln\u00edm zam\u011bstnavatelem, zat\u00edmco n\u00e1jemce dost\u00e1v\u00e1 pracovn\u00ed s\u00edlu flexibiln\u011b a bez dlouhodob\u00e9ho z\u00e1vazku. Jakmile do\u010dasn\u00fd pracovn\u00edk pracuje v N\u011bmecku, plat\u00ed pro n\u011bj n\u011bmeck\u00e9 pracovn\u00ed podm\u00ednky.<\/p>\n<\/div><\/div><\/div><\/div><\/div><div class=\"w-tabs-section\" id=\"iae6\" itemscope itemprop=\"mainEntity\" itemtype=\"https:\/\/schema.org\/Question\"><button class=\"w-tabs-section-header\" aria-controls=\"content-iae6\" aria-expanded=\"false\"><div class=\"w-tabs-section-title\" itemprop=\"name\">Jak\u00e9 jsou v\u00fdhody person\u00e1ln\u00edho leasingu oproti st\u00e1l\u00e9mu zam\u011bstn\u00e1n\u00ed?<\/div><div class=\"w-tabs-section-control\"><\/div><\/button><div  class=\"w-tabs-section-content\" id=\"content-iae6\" itemscope itemprop=\"acceptedAnswer\" itemtype=\"https:\/\/schema.org\/Answer\"><div class=\"w-tabs-section-content-h i-cf\" itemprop=\"text\"><div class=\"wpb_text_column\"><div class=\"wpb_wrapper\"><p>Person\u00e1ln\u00ed leasing umo\u017e\u0148uje rychle reagovat na po\u017eadavky na zam\u011bstnance bez dlouhodob\u00fdch z\u00e1vazk\u016f k n\u00e1boru. N\u00e1klady jsou p\u0159edv\u00eddateln\u00e9, administrativn\u00ed n\u00e1ro\u010dnost n\u00edzk\u00e1 a dostupnost kvalifikovan\u00e9 pracovn\u00ed s\u00edly vysok\u00e1. To je jasn\u00e1 v\u00fdhoda, zejm\u00e9na v dob\u011b nedostatku kvalifikovan\u00fdch pracovn\u00edch sil.<\/p>\n<\/div><\/div><\/div><\/div><\/div><div class=\"w-tabs-section\" id=\"pbb0\" itemscope itemprop=\"mainEntity\" itemtype=\"https:\/\/schema.org\/Question\"><button class=\"w-tabs-section-header\" aria-controls=\"content-pbb0\" aria-expanded=\"false\"><div class=\"w-tabs-section-title\" itemprop=\"name\">Jak\u00e9 pracovn\u00ed podm\u00ednky plat\u00ed v N\u011bmecku pro do\u010dasn\u00e9 pracovn\u00edky z v\u00fdchodn\u00ed Evropy?<\/div><div class=\"w-tabs-section-control\"><\/div><\/button><div  class=\"w-tabs-section-content\" id=\"content-pbb0\" itemscope itemprop=\"acceptedAnswer\" itemtype=\"https:\/\/schema.org\/Answer\"><div class=\"w-tabs-section-content-h i-cf\" itemprop=\"text\"><div class=\"wpb_text_column\"><div class=\"wpb_wrapper\"><p>Jakmile je do\u010dasn\u00fd pracovn\u00edk vysl\u00e1n do N\u011bmecka, plat\u00ed pro n\u011bj n\u011bmeck\u00e9 pr\u00e1vn\u00ed normy, tj. minim\u00e1ln\u00ed mzda, regulovan\u00e1 pracovn\u00ed doba a n\u00e1rok na dovolenou. Za v\u00fdplatu mzdy a odvody na soci\u00e1ln\u00ed zabezpe\u010den\u00ed odpov\u00edd\u00e1 zahrani\u010dn\u00ed n\u00e1jemce.<\/p>\n<\/div><\/div><\/div><\/div><\/div><div class=\"w-tabs-section\" id=\"kc7b\" itemscope itemprop=\"mainEntity\" itemtype=\"https:\/\/schema.org\/Question\"><button class=\"w-tabs-section-header\" aria-controls=\"content-kc7b\" aria-expanded=\"false\"><div class=\"w-tabs-section-title\" itemprop=\"name\">Pro kter\u00e1 odv\u011btv\u00ed je person\u00e1ln\u00ed leasing z v\u00fdchodn\u00ed Evropy obzvl\u00e1\u0161t\u011b vhodn\u00fd?<\/div><div class=\"w-tabs-section-control\"><\/div><\/button><div  class=\"w-tabs-section-content\" id=\"content-kc7b\" itemscope itemprop=\"acceptedAnswer\" itemtype=\"https:\/\/schema.org\/Answer\"><div class=\"w-tabs-section-content-h i-cf\" itemprop=\"text\"><div class=\"wpb_text_column\"><div class=\"wpb_wrapper\"><p>Person\u00e1ln\u00ed leasing z v\u00fdchodn\u00ed Evropy je vhodn\u00fd zejm\u00e9na pro pr\u016fmysl a logistiku (mont\u00e9\u0159i, sv\u00e1\u0159e\u010di, v\u00fdrobn\u00ed d\u011bln\u00edci), elektrotechniku a vzduchotechniku (elektrik\u00e1\u0159i, sol\u00e1rn\u00ed mont\u00e9\u0159i, topen\u00e1\u0159i) a stavebnictv\u00ed (zedn\u00edci, s\u00e1drokarton\u00e1\u0159i, pokr\u00fdva\u010di). Global Business Recruiting obecn\u011b pokr\u00fdv\u00e1 \u0161irokou \u0161k\u00e1lu profes\u00ed.<\/p>\n<\/div><\/div><\/div><\/div><\/div><div class=\"w-tabs-section\" id=\"jd6a\" itemscope itemprop=\"mainEntity\" itemtype=\"https:\/\/schema.org\/Question\"><button class=\"w-tabs-section-header\" aria-controls=\"content-jd6a\" aria-expanded=\"false\"><div class=\"w-tabs-section-title\" itemprop=\"name\">Kolik stoj\u00ed person\u00e1ln\u00ed leasing z v\u00fdchodn\u00ed Evropy?<\/div><div class=\"w-tabs-section-control\"><\/div><\/button><div  class=\"w-tabs-section-content\" id=\"content-jd6a\" itemscope itemprop=\"acceptedAnswer\" itemtype=\"https:\/\/schema.org\/Answer\"><div class=\"w-tabs-section-content-h i-cf\" itemprop=\"text\"><div class=\"wpb_text_column\"><div class=\"wpb_wrapper\"><p>N\u00e1klady na person\u00e1ln\u00ed leasing jsou transparentn\u00ed a p\u0159edv\u00eddateln\u00e9 - na rozd\u00edl od \u010dasto skryt\u00fdch n\u00e1klad\u016f na st\u00e1l\u00e9 zam\u011bstn\u00e1n\u00ed (n\u00e1bor, seznamov\u00e1n\u00ed, v\u00fdpov\u011bdn\u00ed lh\u016fty). P\u0159esn\u00e1 kalkulace z\u00e1vis\u00ed na profesn\u00ed skupin\u011b, d\u00e9lce p\u0159id\u011blen\u00ed a kvalifikaci. Kontaktujte n\u00e1s pro individu\u00e1ln\u00ed nab\u00eddku.<\/p>\n<\/div><\/div><\/div><\/div><\/div><\/div><\/div><\/div><\/div><\/div><\/div><\/section>","protected":false},"excerpt":{"rendered":"Personalleasing aus Osteuropa wird immer beliebter bei deutschen Unternehmen. Der Grund liegt auf der Hand: Geografische N\u00e4he, eine pragmatische Arbeitsmentalit\u00e4t und starke Fachkenntnisse machen osteurop\u00e4ische Arbeitskr\u00e4fte besonders attraktiv \u2013 ob in der Produktion, im Handwerk oder in der Logistik. Personalleasing bietet dabei eine schnelle, flexible L\u00f6sung f\u00fcr den Fachkr\u00e4ftemangel, ohne langfristige Einstellungsverpflichtungen einzugehen. Mit Personalleasing...","protected":false},"author":1,"featured_media":11158,"parent":9347,"menu_order":0,"comment_status":"closed","ping_status":"closed","template":"","meta":{"_acf_changed":false,"footnotes":""},"class_list":["post-9913","page","type-page","status-publish","has-post-thumbnail","hentry"],"acf":[],"_links":{"self":[{"href":"https:\/\/global-business-recruiting.de\/cs\/wp-json\/wp\/v2\/pages\/9913","targetHints":{"allow":["GET"]}}],"collection":[{"href":"https:\/\/global-business-recruiting.de\/cs\/wp-json\/wp\/v2\/pages"}],"about":[{"href":"https:\/\/global-business-recruiting.de\/cs\/wp-json\/wp\/v2\/types\/page"}],"author":[{"embeddable":true,"href":"https:\/\/global-business-recruiting.de\/cs\/wp-json\/wp\/v2\/users\/1"}],"replies":[{"embeddable":true,"href":"https:\/\/global-business-recruiting.de\/cs\/wp-json\/wp\/v2\/comments?post=9913"}],"version-history":[{"count":7,"href":"https:\/\/global-business-recruiting.de\/cs\/wp-json\/wp\/v2\/pages\/9913\/revisions"}],"predecessor-version":[{"id":11181,"href":"https:\/\/global-business-recruiting.de\/cs\/wp-json\/wp\/v2\/pages\/9913\/revisions\/11181"}],"up":[{"embeddable":true,"href":"https:\/\/global-business-recruiting.de\/cs\/wp-json\/wp\/v2\/pages\/9347"}],"wp:featuredmedia":[{"embeddable":true,"href":"https:\/\/global-business-recruiting.de\/cs\/wp-json\/wp\/v2\/media\/11158"}],"wp:attachment":[{"href":"https:\/\/global-business-recruiting.de\/cs\/wp-json\/wp\/v2\/media?parent=9913"}],"curies":[{"name":"wp","href":"https:\/\/api.w.org\/{rel}","templated":true}]}}