{"id":9929,"date":"2026-03-12T12:54:40","date_gmt":"2026-03-12T12:54:40","guid":{"rendered":"https:\/\/global-business-recruiting.de\/wissen\/folgen-der-digitalisierung-fuer-subunternehmer-aus-osteuropa\/"},"modified":"2026-03-28T13:10:35","modified_gmt":"2026-03-28T13:10:35","slug":"priprava-na-vyslani-zamestnance-do-zahranici","status":"publish","type":"page","link":"https:\/\/global-business-recruiting.de\/cs\/wissen\/mitarbeiterentsendung-ausland-vorbereitung\/","title":{"rendered":"P\u0159\u00edprava na vysl\u00e1n\u00ed zam\u011bstnance do zahrani\u010d\u00ed: kroky a kulturn\u00ed v\u00fdzvy"},"content":{"rendered":"<section class=\"l-section wpb_row height_custom\"><div class=\"l-section-h i-cf\"><div class=\"g-cols vc_row via_grid cols_1 laptops-cols_inherit tablets-cols_inherit mobiles-cols_1 valign_top type_default stacking_default\"><div class=\"wpb_column vc_column_container\"><div class=\"vc_column-inner\"><div class=\"wpb_text_column\"><div class=\"wpb_wrapper\"><p>Pokud jde o vys\u00edl\u00e1n\u00ed zam\u011bstnanc\u016f do zahrani\u010d\u00ed, mus\u00ed se spole\u010dnosti p\u0159ipravit na \u0159adu probl\u00e9m\u016f. Jak se m\u016f\u017eete na vys\u00edl\u00e1n\u00ed zam\u011bstnanc\u016f do zahrani\u010d\u00ed p\u0159ipravit? Jak\u00e9 jsou kulturn\u00ed v\u00fdzvy? V tomto \u010dl\u00e1nku se budeme zab\u00fdvat nezbytn\u00fdmi kroky pro vysl\u00e1n\u00ed zam\u011bstnanc\u016f do zahrani\u010d\u00ed a tak\u00e9 mo\u017en\u00fdmi kulturn\u00edmi v\u00fdzvami.<\/p>\n<h2>Jak\u00e9 kroky jsou nutn\u00e9 pro vysl\u00e1n\u00ed zam\u011bstnance do zahrani\u010d\u00ed?<\/h2>\n<p>Pro \u00fasp\u011b\u0161n\u00e9 vysl\u00e1n\u00ed zam\u011bstnance do zahrani\u010d\u00ed je t\u0159eba zv\u00e1\u017eit n\u011bkolik d\u016fle\u017eit\u00fdch krok\u016f:<\/p>\n<p><strong>1. opr\u00e1vn\u011bn\u00ed a pr\u00e1vn\u00ed aspekty:<\/strong><span>\u00a0<\/span>Je t\u0159eba zajistit, aby vyslan\u00ed zam\u011bstnanci m\u011bli pot\u0159ebn\u00e1 v\u00edza a pracovn\u00ed povolen\u00ed pro hostitelskou zemi. Je tak\u00e9 nutn\u00e9 zkontrolovat m\u00edstn\u00ed z\u00e1kony a p\u0159edpisy t\u00fdkaj\u00edc\u00ed se zam\u011bstn\u00e1v\u00e1n\u00ed, dan\u00ed a soci\u00e1ln\u00edho zabezpe\u010den\u00ed.<\/p>\n<p><strong>2. v\u00fdb\u011br a p\u0159\u00edprava zam\u011bstnanc\u016f:<\/strong><span>\u00a0<\/span>V\u00fdb\u011br vhodn\u00fdch zam\u011bstnanc\u016f pro vysl\u00e1n\u00ed do zahrani\u010d\u00ed vy\u017eaduje, aby m\u011bli pot\u0159ebn\u00e9 znalosti, dovednosti a vlastnosti. Za t\u00edmto \u00fa\u010delem mus\u00ed zam\u011bstnanci absolvovat interkulturn\u00ed \u0161kolen\u00ed a jazykov\u00e9 kurzy, kter\u00e9 je p\u0159iprav\u00ed na novou zemi.<\/p>\n<p><strong>3. organiza\u010dn\u00ed aspekty:<\/strong><span>\u00a0<\/span>To zahrnuje zaji\u0161t\u011bn\u00ed ubytov\u00e1n\u00ed, dopravy a dal\u0161\u00edch logistick\u00fdch aspekt\u016f pro zam\u011bstnance v hostitelsk\u00e9 zemi. Je t\u0159eba tak\u00e9 zajistit, aby zam\u011bstnanci ze zahrani\u010d\u00ed m\u011bli vhodn\u00e9 zdravotn\u00ed poji\u0161t\u011bn\u00ed a dal\u0161\u00ed pojistn\u00e9 smlouvy.<\/p>\n<p>Tyto kroky jsou kl\u00ed\u010dov\u00e9 pro zaji\u0161t\u011bn\u00ed \u00fasp\u011b\u0161n\u00e9ho a bezprobl\u00e9mov\u00e9ho vysl\u00e1n\u00ed zam\u011bstnance do zahrani\u010d\u00ed.<\/p>\n<h2>Kulturn\u00ed probl\u00e9my p\u0159i vys\u00edl\u00e1n\u00ed zam\u011bstnanc\u016f do zahrani\u010d\u00ed<\/h2>\n<p><strong>Jazykov\u00e9 bari\u00e9ry:<\/strong><span>\u00a0<\/span>Jedn\u00edm z nejv\u011bt\u0161\u00edch probl\u00e9m\u016f p\u0159i vys\u00edl\u00e1n\u00ed zam\u011bstnanc\u016f do zahrani\u010d\u00ed je jazykov\u00e1 bari\u00e9ra. I kdy\u017e zam\u011bstnanci hovo\u0159\u00ed jazykem hostitelsk\u00e9 zem\u011b, region\u00e1ln\u00ed dialekty nebo oborov\u00fd \u017eargon mohou v\u00e9st k nedorozum\u011bn\u00edm.<\/p>\n<p><strong>Kulturn\u00ed rozd\u00edly:<\/strong><span>\u00a0<\/span>Ka\u017ed\u00e1 zem\u011b m\u00e1 svou vlastn\u00ed kulturu a obchodn\u00ed praktiky. Zam\u011bstnance je t\u0159eba upozornit na mo\u017en\u00e9 rozd\u00edly v komunikaci, stylu vyjedn\u00e1v\u00e1n\u00ed, p\u0159\u00edstupu k \u0159\u00edzen\u00ed a pracovn\u00ed mor\u00e1lce.<\/p>\n<p><strong>Adaptace na nov\u00e9 prost\u0159ed\u00ed:<\/strong><span>\u00a0<\/span>Adaptace na nov\u00e9 prost\u0159ed\u00ed a za\u010dlen\u011bn\u00ed do m\u00edstn\u00ed komunity m\u016f\u017ee b\u00fdt pro zam\u011bstnance n\u00e1ro\u010dn\u00e9. Mus\u00ed se sezn\u00e1mit s nov\u00fdm \u017eivotn\u00edm stylem, tradicemi a j\u00eddlem.<\/p>\n<p><strong>Rozvoj mezin\u00e1rodn\u00edho t\u00fdmu:<\/strong><span>\u00a0<\/span>Vysl\u00e1n\u00ed zam\u011bstnance do zahrani\u010d\u00ed nab\u00edz\u00ed p\u0159\u00edle\u017eitost vybudovat a pos\u00edlit mezin\u00e1rodn\u00ed t\u00fdm. Expatrianti si roz\u0161i\u0159uj\u00ed sv\u00e9 dovednosti spoluprac\u00ed s m\u00edstn\u00edmi kolegy a t\u011b\u017e\u00ed z r\u016fzn\u00fdch zku\u0161enost\u00ed a perspektiv - co\u017e podporuje r\u016fst a rozvoj zam\u011bstnanc\u016f i cel\u00e9 spole\u010dnosti.<\/p>\n<h2>Dal\u0161\u00ed d\u016fle\u017eit\u00e9 aspekty p\u0159i vys\u00edl\u00e1n\u00ed zam\u011bstnanc\u016f do zahrani\u010d\u00ed<\/h2>\n<p>Krom\u011b v\u00fd\u0161e uveden\u00fdch krok\u016f a kulturn\u00edch probl\u00e9m\u016f existuj\u00ed i dal\u0161\u00ed d\u016fle\u017eit\u00e9 aspekty, kter\u00e9 je t\u0159eba p\u0159i p\u0159\u00edprav\u011b zohlednit:<\/p>\n<p><strong>Finan\u010dn\u00ed aspekty:<\/strong><span>\u00a0<\/span>Je t\u0159eba vz\u00edt v \u00favahu \u00fapravu plat\u016f, m\u011bnov\u00e9 rozd\u00edly, dan\u011b a p\u0159\u00edpadn\u00e9 vy\u0161\u0161\u00ed \u017eivotn\u00ed n\u00e1klady v hostitelsk\u00e9 zemi.<\/p>\n<p><strong>Zdrav\u00ed a bezpe\u010dnost:<\/strong><span>\u00a0<\/span>Firmy by se m\u011bly informovat o bezpe\u010dnostn\u00edch rizic\u00edch, politick\u00e9 stabilit\u011b, zdravotn\u00ed p\u00e9\u010di a zdravotn\u00edm poji\u0161t\u011bn\u00ed sv\u00fdch zam\u011bstnanc\u016f.<\/p>\n<p><strong>Komunikace a technologie:<\/strong><span>\u00a0<\/span>Zam\u011bstnanci pot\u0159ebuj\u00ed p\u0159\u00edstup k efektivn\u00edm komunika\u010dn\u00edm kan\u00e1l\u016fm a pot\u0159ebn\u00fdm technologi\u00edm v hostitelsk\u00e9 zemi.<\/p>\n<p><strong>Pracovn\u00ed podm\u00ednky a soci\u00e1ln\u00ed v\u00fdhody:<\/strong><span>\u00a0<\/span>Je t\u0159eba zohlednit pracovn\u00ed podm\u00ednky, pracovn\u00ed dobu, re\u017eim dovolen\u00e9 a dal\u0161\u00ed soci\u00e1ln\u00ed v\u00fdhody v hostitelsk\u00e9 zemi.<\/p>\n<p><strong>Kulturn\u00ed integrace:<\/strong><span>\u00a0<\/span>Spole\u010dnosti by m\u011bly pom\u00e1hat zam\u011bstnanc\u016fm v kulturn\u00ed integraci t\u00edm, \u017ee jim poskytnou \u0161kolen\u00ed a poradenstv\u00ed, aby se p\u0159ede\u0161lo kulturn\u00edm nedorozum\u011bn\u00edm. Pravideln\u00e1 setk\u00e1n\u00ed se zp\u011btnou vazbou pom\u00e1haj\u00ed v\u010das rozpoznat a \u0159e\u0161it p\u0159\u00edpadn\u00e9 pot\u00ed\u017ee s p\u0159izp\u016fsoben\u00edm.<\/p>\n<p>Komplexn\u00ed p\u0159\u00edprava a pr\u016fb\u011b\u017en\u00e1 podpora jsou pro \u00fasp\u011b\u0161n\u00e9 zahrani\u010dn\u00ed vysl\u00e1n\u00ed kl\u00ed\u010dov\u00e9 - p\u0159in\u00e1\u0161ej\u00ed v\u00fdhody pro firmu i zam\u011bstnance.<\/p>\n<h2>Studie Statista o vys\u00edl\u00e1n\u00ed zam\u011bstnanc\u016f do zahrani\u010d\u00ed<\/h2>\n<p>Studie spole\u010dnosti Statista osv\u011btluje zm\u011bny v \u0159\u00edzen\u00ed p\u0159id\u011blov\u00e1n\u00ed zam\u011bstnanc\u016f a nab\u00edz\u00ed poznatky o tom, jak mohou spole\u010dnosti \u00fasp\u011b\u0161n\u011b p\u0159id\u011blovat, rozv\u00edjet a udr\u017eet sv\u00e9 zam\u011bstnance. Studie se zab\u00fdv\u00e1 \u0159\u00edzen\u00edm zam\u011bstnanc\u016f v glob\u00e1ln\u00edch organizac\u00edch a provedla pr\u016fzkum ve 200 mezin\u00e1rodn\u00edch spole\u010dnostech v N\u011bmecku, aby pochopila v\u00fdznam mezin\u00e1rodn\u00edch \u00fakol\u016f a zp\u016fsob, jak\u00fdm spole\u010dnosti \u0159e\u0161\u00ed souvisej\u00edc\u00ed probl\u00e9my. V\u00fdsledky se zam\u011b\u0159uj\u00ed na efektivitu a organizaci \u0159\u00edzen\u00ed expatriace, v\u00fdznam mezikulturn\u00edch kompetenc\u00ed a roli expatriace v kari\u00e9rn\u00edm rozvoji.<\/p>\n<p>D\u016fle\u017eit\u00e9 dokumenty pro vys\u00edl\u00e1n\u00ed v r\u00e1mci EU - zejm\u00e9na osv\u011bd\u010den\u00ed A1 - jsou uvedeny v na\u0161em \u010dl\u00e1nku.<span>\u00a0<\/span><a href=\"https:\/\/global-business-recruiting.de\/cs\/znat\/certifikat-a1\/\">Certifik\u00e1t A1<\/a><span>\u00a0<\/span>podrobn\u011b pops\u00e1ny.<\/p>\n<h2>\u010casto kladen\u00e9 ot\u00e1zky t\u00fdkaj\u00edc\u00ed se vys\u00edl\u00e1n\u00ed zam\u011bstnanc\u016f do zahrani\u010d\u00ed<\/h2>\n<\/div><\/div><div class=\"w-separator size_small\"><\/div><div class=\"w-tabs style_default switch_click accordion type_togglable has_scrolling\" style=\"--sections-title-size:inherit\"><div class=\"w-tabs-sections titles-align_none icon_chevron cpos_right\"><div class=\"w-tabs-section\" id=\"k325\" itemscope itemprop=\"mainEntity\" itemtype=\"https:\/\/schema.org\/Question\"><button class=\"w-tabs-section-header\" aria-controls=\"content-k325\" aria-expanded=\"false\"><div class=\"w-tabs-section-title\" itemprop=\"name\">Jak\u00e9 pr\u00e1vn\u00ed kroky je t\u0159eba vyjasnit p\u0159ed vysl\u00e1n\u00edm zam\u011bstnance?<\/div><div class=\"w-tabs-section-control\"><\/div><\/button><div  class=\"w-tabs-section-content\" id=\"content-k325\" itemscope itemprop=\"acceptedAnswer\" itemtype=\"https:\/\/schema.org\/Answer\"><div class=\"w-tabs-section-content-h i-cf\" itemprop=\"text\"><div class=\"wpb_text_column\"><div class=\"wpb_wrapper\"><p>P\u0159ed vysl\u00e1n\u00edm je t\u0159eba z\u00edskat v\u00edza a pracovn\u00ed povolen\u00ed pro hostitelskou zemi. Krom\u011b toho je t\u0159eba zkontrolovat m\u00edstn\u00ed z\u00e1kony t\u00fdkaj\u00edc\u00ed se zam\u011bstn\u00e1v\u00e1n\u00ed, dan\u00ed a soci\u00e1ln\u00edho zabezpe\u010den\u00ed. V r\u00e1mci EU je rovn\u011b\u017e povinn\u00e9 osv\u011bd\u010den\u00ed A1.<\/p>\n<\/div><\/div><\/div><\/div><\/div><div class=\"w-tabs-section\" id=\"j3fd\" itemscope itemprop=\"mainEntity\" itemtype=\"https:\/\/schema.org\/Question\"><button class=\"w-tabs-section-header\" aria-controls=\"content-j3fd\" aria-expanded=\"false\"><div class=\"w-tabs-section-title\" itemprop=\"name\">Jak p\u0159ipravit zam\u011bstnance na zahrani\u010dn\u00ed vysl\u00e1n\u00ed?<\/div><div class=\"w-tabs-section-control\"><\/div><\/button><div  class=\"w-tabs-section-content\" id=\"content-j3fd\" itemscope itemprop=\"acceptedAnswer\" itemtype=\"https:\/\/schema.org\/Answer\"><div class=\"w-tabs-section-content-h i-cf\" itemprop=\"text\"><div class=\"wpb_text_column\"><div class=\"wpb_wrapper\"><p>Vedle odborn\u00fdch schopnost\u00ed je z\u00e1sadn\u00ed tak\u00e9 mezikulturn\u00ed vzd\u011bl\u00e1v\u00e1n\u00ed a jazykov\u00e9 kurzy. Zam\u011bstnanci by m\u011bli b\u00fdt p\u0159ipraveni na jazykov\u00e9 bari\u00e9ry, kulturn\u00ed rozd\u00edly a p\u0159izp\u016fsoben\u00ed se nov\u00e9mu pracovn\u00edmu a \u017eivotn\u00edmu prost\u0159ed\u00ed. Pravideln\u00e9 sch\u016fzky se zp\u011btnou vazbou b\u011bhem vysl\u00e1n\u00ed pom\u00e1haj\u00ed v\u010das rozpoznat adapta\u010dn\u00ed pot\u00ed\u017ee.<\/p>\n<\/div><\/div><\/div><\/div><\/div><div class=\"w-tabs-section\" id=\"o4cc\" itemscope itemprop=\"mainEntity\" itemtype=\"https:\/\/schema.org\/Question\"><button class=\"w-tabs-section-header\" aria-controls=\"content-o4cc\" aria-expanded=\"false\"><div class=\"w-tabs-section-title\" itemprop=\"name\">Jak\u00e9 poji\u0161t\u011bn\u00ed pot\u0159ebuj\u00ed vyslan\u00ed zam\u011bstnanci v zahrani\u010d\u00ed?<\/div><div class=\"w-tabs-section-control\"><\/div><\/button><div  class=\"w-tabs-section-content\" id=\"content-o4cc\" itemscope itemprop=\"acceptedAnswer\" itemtype=\"https:\/\/schema.org\/Answer\"><div class=\"w-tabs-section-content-h i-cf\" itemprop=\"text\"><div class=\"wpb_text_column\"><div class=\"wpb_wrapper\"><p>Vyslan\u00ed zam\u011bstnanci pot\u0159ebuj\u00ed alespo\u0148 vhodn\u00e9 zdravotn\u00ed poji\u0161t\u011bn\u00ed platn\u00e9 v hostitelsk\u00e9 zemi. V z\u00e1vislosti na c\u00edlov\u00e9 zemi m\u016f\u017ee b\u00fdt vy\u017eadov\u00e1no tak\u00e9 \u00farazov\u00e9 poji\u0161t\u011bn\u00ed, poji\u0161t\u011bn\u00ed odpov\u011bdnosti nebo cestovn\u00ed poji\u0161t\u011bn\u00ed. P\u0159esn\u00e9 po\u017eadavky z\u00e1vis\u00ed na hostitelsk\u00e9 zemi a d\u00e9lce vysl\u00e1n\u00ed.<\/p>\n<\/div><\/div><\/div><\/div><\/div><div class=\"w-tabs-section\" id=\"g599\" itemscope itemprop=\"mainEntity\" itemtype=\"https:\/\/schema.org\/Question\"><button class=\"w-tabs-section-header\" aria-controls=\"content-g599\" aria-expanded=\"false\"><div class=\"w-tabs-section-title\" itemprop=\"name\">Jak\u00e9 jsou nej\u010dast\u011bj\u0161\u00ed kulturn\u00ed probl\u00e9my, kter\u00e9 se objevuj\u00ed p\u0159i zahrani\u010dn\u00edch mis\u00edch?<\/div><div class=\"w-tabs-section-control\"><\/div><\/button><div  class=\"w-tabs-section-content\" id=\"content-g599\" itemscope itemprop=\"acceptedAnswer\" itemtype=\"https:\/\/schema.org\/Answer\"><div class=\"w-tabs-section-content-h i-cf\" itemprop=\"text\"><div class=\"wpb_text_column\"><div class=\"wpb_wrapper\"><p>Nej\u010dast\u011bj\u0161\u00edmi probl\u00e9my jsou jazykov\u00e1 bari\u00e9ra (i p\u0159i z\u00e1kladn\u00ed znalosti m\u00edstn\u00edho jazyka), odli\u0161n\u00fd styl komunikace a \u0159\u00edzen\u00ed a p\u0159izp\u016fsoben\u00ed se nov\u00e9 ka\u017edodenn\u00ed rutin\u011b a m\u00edstn\u00ed firemn\u00ed kultu\u0159e. Interkulturn\u00ed p\u0159\u00edprava v\u00fdrazn\u011b sni\u017euje riziko nedorozum\u011bn\u00ed.<\/p>\n<\/div><\/div><\/div><\/div><\/div><div class=\"w-tabs-section\" id=\"a668\" itemscope itemprop=\"mainEntity\" itemtype=\"https:\/\/schema.org\/Question\"><button class=\"w-tabs-section-header\" aria-controls=\"content-a668\" aria-expanded=\"false\"><div class=\"w-tabs-section-title\" itemprop=\"name\">Jak m\u016f\u017ee Global Business Recruiting pomoci s vys\u00edl\u00e1n\u00edm zam\u011bstnanc\u016f?<\/div><div class=\"w-tabs-section-control\"><\/div><\/button><div  class=\"w-tabs-section-content\" id=\"content-a668\" itemscope itemprop=\"acceptedAnswer\" itemtype=\"https:\/\/schema.org\/Answer\"><div class=\"w-tabs-section-content-h i-cf\" itemprop=\"text\"><div class=\"wpb_text_column\"><div class=\"wpb_wrapper\"><p>Global Business Recruiting podporuje firmy p\u0159i vys\u00edl\u00e1n\u00ed zam\u011bstnanc\u016f do zahrani\u010d\u00ed - od vy\u0159izov\u00e1n\u00ed v\u00edz a pracovn\u00edch povolen\u00ed a\u017e po v\u00fdb\u011br zam\u011bstnanc\u016f z rozs\u00e1hl\u00e9 s\u00edt\u011b ve v\u00fdchodn\u00ed Evrop\u011b, Pobalt\u00ed a Turecku, mezikulturn\u00ed \u0161kolen\u00ed, jazykov\u00e9 kurzy a organiza\u010dn\u00ed podporu p\u0159i ubytov\u00e1n\u00ed a doprav\u011b.<\/p>\n<\/div><\/div><\/div><\/div><\/div><\/div><\/div><\/div><\/div><\/div><\/div><\/section>","protected":false},"excerpt":{"rendered":"Wenn es darum geht, Mitarbeiter ins Ausland zu entsenden, m\u00fcssen Unternehmen sich auf eine Reihe von Herausforderungen vorbereiten. Wie kann man sich auf eine Mitarbeiterentsendung ins Ausland vorbereiten? Was sind die kulturellen Herausforderungen? In diesem Artikel werden die notwendigen Schritte einer Mitarbeiterentsendung ins Ausland sowie potenzielle kulturelle Herausforderungen besprochen. Welche Schritte sind f\u00fcr eine Mitarbeiterentsendung...","protected":false},"author":1,"featured_media":11162,"parent":9347,"menu_order":0,"comment_status":"closed","ping_status":"closed","template":"","meta":{"_acf_changed":false,"footnotes":""},"class_list":["post-9929","page","type-page","status-publish","has-post-thumbnail","hentry"],"acf":[],"_links":{"self":[{"href":"https:\/\/global-business-recruiting.de\/cs\/wp-json\/wp\/v2\/pages\/9929","targetHints":{"allow":["GET"]}}],"collection":[{"href":"https:\/\/global-business-recruiting.de\/cs\/wp-json\/wp\/v2\/pages"}],"about":[{"href":"https:\/\/global-business-recruiting.de\/cs\/wp-json\/wp\/v2\/types\/page"}],"author":[{"embeddable":true,"href":"https:\/\/global-business-recruiting.de\/cs\/wp-json\/wp\/v2\/users\/1"}],"replies":[{"embeddable":true,"href":"https:\/\/global-business-recruiting.de\/cs\/wp-json\/wp\/v2\/comments?post=9929"}],"version-history":[{"count":6,"href":"https:\/\/global-business-recruiting.de\/cs\/wp-json\/wp\/v2\/pages\/9929\/revisions"}],"predecessor-version":[{"id":11177,"href":"https:\/\/global-business-recruiting.de\/cs\/wp-json\/wp\/v2\/pages\/9929\/revisions\/11177"}],"up":[{"embeddable":true,"href":"https:\/\/global-business-recruiting.de\/cs\/wp-json\/wp\/v2\/pages\/9347"}],"wp:featuredmedia":[{"embeddable":true,"href":"https:\/\/global-business-recruiting.de\/cs\/wp-json\/wp\/v2\/media\/11162"}],"wp:attachment":[{"href":"https:\/\/global-business-recruiting.de\/cs\/wp-json\/wp\/v2\/media?parent=9929"}],"curies":[{"name":"wp","href":"https:\/\/api.w.org\/{rel}","templated":true}]}}